{"id":53,"date":"2015-07-14T11:44:12","date_gmt":"2015-07-14T11:44:12","guid":{"rendered":"http:\/\/iszipecs.hu\/wpiszipecs\/?page_id=53"},"modified":"2025-08-01T05:10:49","modified_gmt":"2025-08-01T05:10:49","slug":"kapcsolat","status":"publish","type":"page","link":"http:\/\/iszipecs.hu\/wpiszipecs\/?page_id=53","title":{"rendered":"Kapcsolat"},"content":{"rendered":"<p><strong>Int\u00e9zm\u00e9ny sz\u00e9khelye: <\/strong>7633, P\u00e9cs Zipernowsky K. u. 1.<br \/>\n<strong>Int\u00e9zm\u00e9ny neve: <\/strong>P\u00e9cs Megyei Jog\u00fa V\u00e1ros \u00d6nkorm\u00e1nyzata Id\u0151skor\u00faak Szoci\u00e1lis Int\u00e9zm\u00e9nye<\/p>\n<h1><strong>Ell\u00e1t\u00e1ssal, elhelyez\u00e9ssel kapcsolatos t\u00e1j\u00e9koztat\u00e1s, k\u00e9relemcsomag kiad\u00e1sa- \u00e1tv\u00e9tele:<\/strong><\/h1>\n<h1><strong>Adminisztr\u00e1tor: Hartmann Adrienn<\/strong><\/h1>\n<h1><strong>\u00dcgyf\u00e9lfogad\u00e1s:<\/strong> Telefonos egyeztet\u00e9s alapj\u00e1n.<\/h1>\n<h1><strong>Telefon:<\/strong> 72\/ 551-006,\u00a0 30\/ 278 74 23<\/h1>\n<h1><strong>Telephely:<\/strong> 7633 P\u00e9cs, Zipernowsky K. u. 1<\/h1>\n<p><strong>Int\u00e9zm\u00e9nyvezet\u0151: Vene-Hal\u00e1sz Rita<br \/>\n<\/strong><strong>Telefon: <\/strong>72\/532-008<strong>, <\/strong>20\/338 76 72<\/p>\n<p><strong>Zipernowsky otthon vezet\u0151je:<\/strong>\u00a0<strong>Berkes Erika<br \/>\n<\/strong><strong>Telephely:<\/strong> 7633 P\u00e9cs Zipernowsky K. u 1.<br \/>\n<strong>Telefon: <\/strong>72\/532-008, 20\/342 11 11<\/p>\n<p><strong>P\u00e9nz\u00fcgyek int\u00e9z\u00e9se:<\/strong><strong><br \/>\n<\/strong><strong>Telefon:\u00a0<\/strong>72\/532-007<\/p>\n<p><strong>7623 P\u00e9cs T\u00fcz\u00e9r utca 7<br \/>\n<\/strong><\/p>\n<p><strong>T\u00fcz\u00e9r u-i otthon vezet\u0151je: R\u00e9mes Sarolta<\/strong><strong><br \/>\n<\/strong><strong>Telephely:<\/strong> 7623 P\u00e9cs, T\u00fcz\u00e9r u. 7<br \/>\n<strong>Telefon:\u00a0<\/strong>30\/ 339 17 69<\/p>\n<p><strong>\u00a0<\/strong><\/p>\n<p><strong>Adatv\u00e9delmi tisztvisel\u0151: Schein Iv\u00e1n<br \/>\n<\/strong><strong>Telefon:<\/strong> 70\/ 21 22 100<br \/>\n<strong>e-mail:<\/strong>\u00a0scheinivan@gmail.com<\/p>\n<hr \/>\n","protected":false},"excerpt":{"rendered":"<p>Int\u00e9zm\u00e9ny sz\u00e9khelye: 7633, P\u00e9cs Zipernowsky K. u. 1. Int\u00e9zm\u00e9ny neve: P\u00e9cs Megyei Jog\u00fa V\u00e1ros \u00d6nkorm\u00e1nyzata Id\u0151skor\u00faak Szoci\u00e1lis Int\u00e9zm\u00e9nye Ell\u00e1t\u00e1ssal, elhelyez\u00e9ssel kapcsolatos t\u00e1j\u00e9koztat\u00e1s, [&hellip;]<\/p>\n","protected":false},"author":1,"featured_media":0,"parent":0,"menu_order":5,"comment_status":"closed","ping_status":"closed","template":"","meta":[],"_links":{"self":[{"href":"http:\/\/iszipecs.hu\/wpiszipecs\/index.php?rest_route=\/wp\/v2\/pages\/53"}],"collection":[{"href":"http:\/\/iszipecs.hu\/wpiszipecs\/index.php?rest_route=\/wp\/v2\/pages"}],"about":[{"href":"http:\/\/iszipecs.hu\/wpiszipecs\/index.php?rest_route=\/wp\/v2\/types\/page"}],"author":[{"embeddable":true,"href":"http:\/\/iszipecs.hu\/wpiszipecs\/index.php?rest_route=\/wp\/v2\/users\/1"}],"replies":[{"embeddable":true,"href":"http:\/\/iszipecs.hu\/wpiszipecs\/index.php?rest_route=%2Fwp%2Fv2%2Fcomments&post=53"}],"version-history":[{"count":120,"href":"http:\/\/iszipecs.hu\/wpiszipecs\/index.php?rest_route=\/wp\/v2\/pages\/53\/revisions"}],"predecessor-version":[{"id":1267,"href":"http:\/\/iszipecs.hu\/wpiszipecs\/index.php?rest_route=\/wp\/v2\/pages\/53\/revisions\/1267"}],"wp:attachment":[{"href":"http:\/\/iszipecs.hu\/wpiszipecs\/index.php?rest_route=%2Fwp%2Fv2%2Fmedia&parent=53"}],"curies":[{"name":"wp","href":"https:\/\/api.w.org\/{rel}","templated":true}]}}